{"id":1431,"date":"2019-12-16T15:46:03","date_gmt":"2019-12-16T18:46:03","guid":{"rendered":"http:\/\/proctogastro.kinghost.net\/site1\/?page_id=1431"},"modified":"2020-03-02T09:59:06","modified_gmt":"2020-03-02T12:59:06","slug":"cirurgia-da-banda-gastrica-ajustavel","status":"publish","type":"page","link":"https:\/\/proctogastro.com.br\/index.php\/especialidades\/cirurgias\/cirurgia-da-obesidade\/cirurgia-da-banda-gastrica-ajustavel\/","title":{"rendered":"Cirurgia da Banda G\u00e1strica Ajust\u00e1vel (BGA)"},"content":{"rendered":"<div id=\"pl-1431\"  class=\"panel-layout\" ><div id=\"pg-1431-0\"  class=\"panel-grid panel-no-style\" ><div id=\"pgc-1431-0-0\"  class=\"panel-grid-cell\" ><div id=\"panel-1431-0-0-0\" class=\"so-panel widget widget_sow-editor panel-first-child\" data-index=\"0\" ><div class=\"so-widget-sow-editor so-widget-sow-editor-base\">\n<div class=\"siteorigin-widget-tinymce textwidget\">\n\t<p>\u00c9 uma pr\u00f3tese de silicone, em forma de anel, com superf\u00edcie interna infl\u00e1vel (di\u00e2metro interno ajust\u00e1vel), que \u00e9 implantada em volta da parte alta do est\u00f4mago, e que se continua com um tubo que \u00e9 conectado a um dispositivo chamado de portal de ajuste, o qual \u00e9 implantado na parede do abd\u00f4men, abaixo da pele, que permite ao cirurgi\u00e3o aumentar ou diminuir o di\u00e2metro interno da banda sem necessidade de nova cirurgia. A BGA \u00e9 muito pouco utilizada atualmente devido a elevados \u00edndices de complica\u00e7\u00f5es, necessidade de re-opera\u00e7\u00f5es e perda de peso inferior a outras t\u00e9cnicas cir\u00fargicas.<\/p>\n<\/div>\n<\/div><\/div><div id=\"panel-1431-0-0-1\" class=\"so-panel widget widget_sow-editor panel-last-child\" data-index=\"1\" ><div class=\"so-widget-sow-editor so-widget-sow-editor-base\">\n<div class=\"siteorigin-widget-tinymce textwidget\">\n\t<p><img decoding=\"async\" loading=\"lazy\" class=\"aligncenter wp-image-2277\" src=\"http:\/\/proctogastro.kinghost.net\/site1\/wp-content\/uploads\/2020\/03\/banda.g\u00e1strica01-300x148.jpg\" alt=\"\" width=\"600\" height=\"296\" srcset=\"https:\/\/proctogastro.com.br\/wp-content\/uploads\/2020\/03\/banda.g\u00e1strica01-300x148.jpg 300w, https:\/\/proctogastro.com.br\/wp-content\/uploads\/2020\/03\/banda.g\u00e1strica01-768x378.jpg 768w, https:\/\/proctogastro.com.br\/wp-content\/uploads\/2020\/03\/banda.g\u00e1strica01-600x296.jpg 600w, https:\/\/proctogastro.com.br\/wp-content\/uploads\/2020\/03\/banda.g\u00e1strica01.jpg 800w\" sizes=\"(max-width: 600px) 100vw, 600px\" \/><\/p>\n<\/div>\n<\/div><\/div><\/div><\/div><\/div>","protected":false},"excerpt":{"rendered":"<p>\u00c9 uma pr\u00f3tese de silicone, em forma de anel, com superf\u00edcie interna infl\u00e1vel (di\u00e2metro interno ajust\u00e1vel), que \u00e9 implantada em volta da parte alta do est\u00f4mago, e que se continua com um tubo que \u00e9 conectado a um dispositivo chamado de portal de ajuste, o qual \u00e9 implantado na parede do abd\u00f4men, abaixo da pele, &hellip;<\/p>\n","protected":false},"author":1,"featured_media":0,"parent":151,"menu_order":0,"comment_status":"closed","ping_status":"closed","template":"","meta":{"_joinchat":[]},"_links":{"self":[{"href":"https:\/\/proctogastro.com.br\/index.php\/wp-json\/wp\/v2\/pages\/1431"}],"collection":[{"href":"https:\/\/proctogastro.com.br\/index.php\/wp-json\/wp\/v2\/pages"}],"about":[{"href":"https:\/\/proctogastro.com.br\/index.php\/wp-json\/wp\/v2\/types\/page"}],"author":[{"embeddable":true,"href":"https:\/\/proctogastro.com.br\/index.php\/wp-json\/wp\/v2\/users\/1"}],"replies":[{"embeddable":true,"href":"https:\/\/proctogastro.com.br\/index.php\/wp-json\/wp\/v2\/comments?post=1431"}],"version-history":[{"count":6,"href":"https:\/\/proctogastro.com.br\/index.php\/wp-json\/wp\/v2\/pages\/1431\/revisions"}],"predecessor-version":[{"id":2278,"href":"https:\/\/proctogastro.com.br\/index.php\/wp-json\/wp\/v2\/pages\/1431\/revisions\/2278"}],"up":[{"embeddable":true,"href":"https:\/\/proctogastro.com.br\/index.php\/wp-json\/wp\/v2\/pages\/151"}],"wp:attachment":[{"href":"https:\/\/proctogastro.com.br\/index.php\/wp-json\/wp\/v2\/media?parent=1431"}],"curies":[{"name":"wp","href":"https:\/\/api.w.org\/{rel}","templated":true}]}}