{"id":1541,"date":"2019-12-17T13:11:40","date_gmt":"2019-12-17T16:11:40","guid":{"rendered":"http:\/\/proctogastro.kinghost.net\/site1\/?page_id=1541"},"modified":"2020-02-12T11:01:26","modified_gmt":"2020-02-12T14:01:26","slug":"manometria-esofagica-convencional","status":"publish","type":"page","link":"https:\/\/proctogastro.com.br\/index.php\/exames-2\/fisiologia-digestiva\/manometria-esofagica-convencional\/","title":{"rendered":"Manometria Esof\u00e1gica Convencional"},"content":{"rendered":"<div id=\"pl-1541\"  class=\"panel-layout\" ><div id=\"pg-1541-0\"  class=\"panel-grid panel-no-style\" ><div id=\"pgc-1541-0-0\"  class=\"panel-grid-cell\" ><div id=\"panel-1541-0-0-0\" class=\"so-panel widget widget_sow-editor panel-first-child panel-last-child\" data-index=\"0\" ><div class=\"so-widget-sow-editor so-widget-sow-editor-base\">\n<div class=\"siteorigin-widget-tinymce textwidget\">\n\t<p>Este exame permite uma avalia\u00e7\u00e3o funcional do corpo esof\u00e1gico (peristaltismo) e do esf\u00edncter superior e inferior do es\u00f4fago (localiza\u00e7\u00e3o, press\u00f5es e funcionamento). Est\u00e1 indicado no diagn\u00f3stico e avalia\u00e7\u00e3o de dist\u00farbios na motilidade esof\u00e1gica e\/ou altera\u00e7\u00f5es ao n\u00edvel do esf\u00edncter inferior e\/ou superior do es\u00f4fago.<\/p>\n<ul>\n<li><em><strong>O exame<\/strong><\/em><\/li>\n<\/ul>\n<p>\u00c9 realizado atrav\u00e9s de uma sonda de manometria espec\u00edfica, que cont\u00e9m oito sensores de press\u00e3o, que \u00e9 passada por uma das narinas e posicionada dentro do est\u00f4mago. Em seguida a sonda \u00e9 tracionada de cm em cm fazendo-se o registro das press\u00f5es ao n\u00edvel dos v\u00e1rios sensores. O exame \u00e9 geralmente bem tolerado, durando cerca de 20 minutos, sendo que o paciente recebe apenas anestesia local na narina, dispensando seda\u00e7\u00e3o.<\/p>\n<\/div>\n<\/div><\/div><\/div><div id=\"pgc-1541-0-1\"  class=\"panel-grid-cell\" ><div id=\"panel-1541-0-1-0\" class=\"so-panel widget widget_sow-editor panel-first-child panel-last-child\" data-index=\"1\" ><div class=\"so-widget-sow-editor so-widget-sow-editor-base\">\n<div class=\"siteorigin-widget-tinymce textwidget\">\n\t<p><img decoding=\"async\" loading=\"lazy\" class=\"alignnone wp-image-1545 size-full\" src=\"http:\/\/proctogastro.kinghost.net\/site1\/wp-content\/uploads\/2019\/12\/manometria1.jpg\" alt=\"\" width=\"630\" height=\"419\" srcset=\"https:\/\/proctogastro.com.br\/wp-content\/uploads\/2019\/12\/manometria1.jpg 630w, https:\/\/proctogastro.com.br\/wp-content\/uploads\/2019\/12\/manometria1-300x200.jpg 300w, https:\/\/proctogastro.com.br\/wp-content\/uploads\/2019\/12\/manometria1-600x399.jpg 600w, https:\/\/proctogastro.com.br\/wp-content\/uploads\/2019\/12\/manometria1-272x182.jpg 272w\" sizes=\"(max-width: 630px) 100vw, 630px\" \/><\/p>\n<\/div>\n<\/div><\/div><\/div><\/div><div id=\"pg-1541-1\"  class=\"panel-grid panel-no-style\" ><div id=\"pgc-1541-1-0\"  class=\"panel-grid-cell\" ><div id=\"panel-1541-1-0-0\" class=\"so-panel widget widget_sow-editor panel-first-child panel-last-child\" data-index=\"2\" ><div class=\"so-widget-sow-editor so-widget-sow-editor-base\">\n<div class=\"siteorigin-widget-tinymce textwidget\">\n\t<ul>\n<li><em><strong>Indicado principalmente na:<\/strong><\/em><\/li>\n<\/ul>\n<p>1 - Avalia\u00e7\u00e3o da disfagia cervical n\u00e3o neopl\u00e1sica podendo evidenciar a discinesia do esf\u00edncter superior do es\u00f4fago, que n\u00e3o se abre no momento adequado, ou se abre no momento adequado, por\u00e9m em intensidade insuficiente, ou ainda se fecha antes que se finalize a contra\u00e7\u00e3o da faringe, altera\u00e7\u00f5es essas geralmente relacionadas a afec\u00e7\u00f5es do Sistema Nervoso Central.<\/p>\n<p>2 - Avalia\u00e7\u00e3o da disfagia retroesternal n\u00e3o neopl\u00e1sica podendo evidenciar dist\u00farbios na contra\u00e7\u00e3o esof\u00e1gica como no espasmo difuso do es\u00f4fago e \u201ces\u00f4fago em quebra nozes\u201d, al\u00e9m de altera\u00e7\u00f5es no funcionamento do esf\u00edncter inferior do es\u00f4fago como na acalasia.<\/p>\n<p>3 - Avalia\u00e7\u00e3o da atividade motora pr\u00e9-operat\u00f3ria do es\u00f4fago em pacientes com Doen\u00e7a do Refluxo Gastroesof\u00e1gico, para orientar o cirurgi\u00e3o na melhor t\u00e9cnica para o caso.<\/p>\n<p>4 - Avalia\u00e7\u00e3o pr\u00e9-operat\u00f3ria da localiza\u00e7\u00e3o, press\u00f5es e funcionamento do esf\u00edncter Inferior do es\u00f4fago em pacientes com Doen\u00e7a do Refluxo Gastroesof\u00e1gico.<\/p>\n<p>5 - Dor precordial com exames cardiol\u00f3gicos, pHmetria e impedanciopHmetria esof\u00e1gica de 24 horas normais, para avaliar a possibilidade de ser uma manifesta\u00e7\u00e3o cl\u00ednica de dist\u00farbio motor do es\u00f4fago.<\/p>\n<p>6 - Doen\u00e7as do col\u00e1geno (esclerodermia) que cursam com queixas digestivas, para evidenciar o comprometimento esof\u00e1gico.<\/p>\n<p>7 - Localiza\u00e7\u00e3o da borda superior do esf\u00edncter inferior do es\u00f4fago para posicionamento correto da sonda de pHmetria ou impedanciopHmetria esof\u00e1gica de 24 horas.<\/p>\n<ul>\n<li><em><strong>Preparo pr\u00e9vio<\/strong><\/em><\/li>\n<\/ul>\n<p>\u00bb Suspender, com pelo menos 2 (dois) dias de anteced\u00eancia, todos os medicamentos que esteja tomando para aliviar eventuais sintomas digestivos (g\u00e1stricos, intestinais, etc.).<\/p>\n<p>\u00bb Estar em jejum por no m\u00ednimo 06 horas.<\/p>\n<p>\u00bb No dia do exame, comparecer \u00e0 Cl\u00ednica no dia e hora marcada do exame.<\/p>\n<p>\u00bb Trazer consigo no dia do exame, os exames realizados anteriormente.<\/p>\n<ul>\n<li><em><strong>Como \u00e9 realizado:<\/strong><\/em><\/li>\n<li style=\"list-style-type: none;\"><\/li>\n<\/ul>\n<p>\u2022 Inicialmente \u00e9 realizada anestesia local de uma das narinas e da garganta. Em seguida a sonda de manometria esof\u00e1gica \u00e9 passado pela narina anestesiada at\u00e9 o est\u00f4mago, e conectada a um sistema de bomba de perfus\u00e3o cont\u00ednua de \u00e1gua destilada, e um sistema de inform\u00e1tica, que registra as press\u00f5es ao n\u00edvel dos v\u00e1rios sensores da sonda.<\/p>\n<p>\u2022 Em seguida a sonda \u00e9 puxada de cm em cm, e dado 5 ml de \u00e1gua para o paciente engolir, ao mesmo tempo em que s\u00e3o registradas as press\u00f5es ao n\u00edvel dos v\u00e1rios sensores.<\/p>\n<p>\u2022 O exame dura cerca de 20 minutos e ao final a sonda \u00e9 removida.<\/p>\n<\/div>\n<\/div><\/div><\/div><\/div><\/div>","protected":false},"excerpt":{"rendered":"<p>Este exame permite uma avalia\u00e7\u00e3o funcional do corpo esof\u00e1gico (peristaltismo) e do esf\u00edncter superior e inferior do es\u00f4fago (localiza\u00e7\u00e3o, press\u00f5es e funcionamento). Est\u00e1 indicado no diagn\u00f3stico e avalia\u00e7\u00e3o de dist\u00farbios na motilidade esof\u00e1gica e\/ou altera\u00e7\u00f5es ao n\u00edvel do esf\u00edncter inferior e\/ou superior do es\u00f4fago. O exame \u00c9 realizado atrav\u00e9s de uma sonda de manometria espec\u00edfica, &hellip;<\/p>\n","protected":false},"author":1,"featured_media":0,"parent":1475,"menu_order":0,"comment_status":"closed","ping_status":"closed","template":"","meta":{"_joinchat":[]},"_links":{"self":[{"href":"https:\/\/proctogastro.com.br\/index.php\/wp-json\/wp\/v2\/pages\/1541"}],"collection":[{"href":"https:\/\/proctogastro.com.br\/index.php\/wp-json\/wp\/v2\/pages"}],"about":[{"href":"https:\/\/proctogastro.com.br\/index.php\/wp-json\/wp\/v2\/types\/page"}],"author":[{"embeddable":true,"href":"https:\/\/proctogastro.com.br\/index.php\/wp-json\/wp\/v2\/users\/1"}],"replies":[{"embeddable":true,"href":"https:\/\/proctogastro.com.br\/index.php\/wp-json\/wp\/v2\/comments?post=1541"}],"version-history":[{"count":7,"href":"https:\/\/proctogastro.com.br\/index.php\/wp-json\/wp\/v2\/pages\/1541\/revisions"}],"predecessor-version":[{"id":2041,"href":"https:\/\/proctogastro.com.br\/index.php\/wp-json\/wp\/v2\/pages\/1541\/revisions\/2041"}],"up":[{"embeddable":true,"href":"https:\/\/proctogastro.com.br\/index.php\/wp-json\/wp\/v2\/pages\/1475"}],"wp:attachment":[{"href":"https:\/\/proctogastro.com.br\/index.php\/wp-json\/wp\/v2\/media?parent=1541"}],"curies":[{"name":"wp","href":"https:\/\/api.w.org\/{rel}","templated":true}]}}